{"id":1518,"date":"2017-11-17T13:43:45","date_gmt":"2017-11-17T15:43:45","guid":{"rendered":"http:\/\/150.164.104.182:8080\/direito\/?page_id=1518"},"modified":"2020-04-28T13:35:17","modified_gmt":"2020-04-28T16:35:17","slug":"publicacoes","status":"publish","type":"page","link":"https:\/\/ciranda.direito.ufmg.br\/index.php\/publicacoes\/","title":{"rendered":"Publica\u00e7\u00f5es"},"content":{"rendered":"<p><img loading=\"lazy\" decoding=\"async\" class=\"\" src=\"https:\/\/ciranda.direito.ufmg.br\/wp-content\/uploads\/2018\/08\/capa-cartilha-nos-versao-final.png\" alt=\"\" width=\"183\" height=\"326\" \/><br \/>\nClique para Baixar:<br \/>\n<a href=\"https:\/\/ciranda.direito.ufmg.br\/wp-content\/uploads\/2018\/08\/cartilha-nos-versao-final.pdf\" target=\"_blank\" rel=\"noopener noreferrer\">Cartilha N\u00d3S: N\u00facleos para Orienta\u00e7\u00e3o e Solu\u00e7\u00e3o de conflitos escolares<\/a><\/p>\n<hr \/>\n<p><img loading=\"lazy\" decoding=\"async\" class=\"wp-image-2203 alignnone\" src=\"https:\/\/ciranda.direito.ufmg.br\/wp-content\/uploads\/2018\/08\/capa-justica-restaurativa-na-pratica.png\" alt=\"\" width=\"169\" height=\"263\" \/><br \/>\nClique para Baixar:<br \/>\n<a href=\"https:\/\/ciranda.direito.ufmg.br\/wp-content\/uploads\/2018\/08\/justica-restaurativa-na-pratica.pdf\" target=\"_blank\" rel=\"noopener noreferrer\">Justi\u00e7a Restaurativa na Pr\u00e1tica: NO COMPASSO DO CIRANDA<\/a><\/p>\n<hr \/>\n<p><img loading=\"lazy\" decoding=\"async\" class=\"wp-image-2203 alignnone\" src=\"https:\/\/ciranda.direito.ufmg.br\/wp-content\/uploads\/2018\/08\/capa-alienacao-parental.png\" alt=\"\" width=\"227\" height=\"297\" \/><br \/>\nClique para Baixar:<br \/>\n<a href=\"https:\/\/ciranda.direito.ufmg.br\/wp-content\/uploads\/2018\/08\/alienacao-parental.pdf\" target=\"_blank\" rel=\"noopener noreferrer\">Aliena\u00e7\u00e3o Parental: A Responsabiliza\u00e7\u00e3o do ente alienador por meio da pr\u00e1tica restaurativa<\/a><\/p>\n","protected":false},"excerpt":{"rendered":"<p>Clique para Baixar: Cartilha N\u00d3S: N\u00facleos para Orienta\u00e7\u00e3o e Solu\u00e7\u00e3o de conflitos escolares Clique para Baixar: Justi\u00e7a Restaurativa na Pr\u00e1tica: NO COMPASSO DO CIRANDA Clique para Baixar: Aliena\u00e7\u00e3o Parental: A Responsabiliza\u00e7\u00e3o do ente alienador por<br \/><a class=\"read-more\" href=\"https:\/\/ciranda.direito.ufmg.br\/index.php\/publicacoes\/\">Read More<\/a><\/p>\n","protected":false},"author":1,"featured_media":0,"parent":0,"menu_order":0,"comment_status":"closed","ping_status":"closed","template":"","meta":{"footnotes":""},"class_list":["post-1518","page","type-page","status-publish","hentry"],"yoast_head":"<!-- This site is optimized with the Yoast SEO plugin v25.3 - https:\/\/yoast.com\/wordpress\/plugins\/seo\/ -->\n<title>Publica\u00e7\u00f5es - Ciranda<\/title>\n<meta name=\"robots\" content=\"index, follow, max-snippet:-1, max-image-preview:large, max-video-preview:-1\" \/>\n<link rel=\"canonical\" href=\"https:\/\/ciranda.direito.ufmg.br\/index.php\/publicacoes\/\" \/>\n<meta property=\"og:locale\" content=\"pt_BR\" \/>\n<meta property=\"og:type\" content=\"article\" \/>\n<meta property=\"og:title\" content=\"Publica\u00e7\u00f5es - Ciranda\" \/>\n<meta property=\"og:description\" content=\"Clique para Baixar: Cartilha N\u00d3S: N\u00facleos para Orienta\u00e7\u00e3o e Solu\u00e7\u00e3o de conflitos escolares Clique para Baixar: Justi\u00e7a Restaurativa na Pr\u00e1tica: NO COMPASSO DO CIRANDA Clique para Baixar: Aliena\u00e7\u00e3o Parental: A Responsabiliza\u00e7\u00e3o do ente alienador porRead More\" \/>\n<meta property=\"og:url\" content=\"https:\/\/ciranda.direito.ufmg.br\/index.php\/publicacoes\/\" \/>\n<meta property=\"og:site_name\" content=\"Ciranda\" \/>\n<meta property=\"article:publisher\" content=\"https:\/\/www.facebook.com\/cirandaufmg\/\" \/>\n<meta property=\"article:modified_time\" content=\"2020-04-28T16:35:17+00:00\" \/>\n<meta property=\"og:image\" content=\"https:\/\/ciranda.direito.ufmg.br\/wp-content\/uploads\/2018\/08\/capa-cartilha-nos-versao-final.png\" \/>\n<meta name=\"twitter:card\" content=\"summary_large_image\" \/>\n<script type=\"application\/ld+json\" class=\"yoast-schema-graph\">{\"@context\":\"https:\/\/schema.org\",\"@graph\":[{\"@type\":\"WebPage\",\"@id\":\"https:\/\/ciranda.direito.ufmg.br\/index.php\/publicacoes\/\",\"url\":\"https:\/\/ciranda.direito.ufmg.br\/index.php\/publicacoes\/\",\"name\":\"Publica\u00e7\u00f5es - Ciranda\",\"isPartOf\":{\"@id\":\"https:\/\/ciranda.direito.ufmg.br\/#website\"},\"primaryImageOfPage\":{\"@id\":\"https:\/\/ciranda.direito.ufmg.br\/index.php\/publicacoes\/#primaryimage\"},\"image\":{\"@id\":\"https:\/\/ciranda.direito.ufmg.br\/index.php\/publicacoes\/#primaryimage\"},\"thumbnailUrl\":\"https:\/\/ciranda.direito.ufmg.br\/wp-content\/uploads\/2018\/08\/capa-cartilha-nos-versao-final.png\",\"datePublished\":\"2017-11-17T15:43:45+00:00\",\"dateModified\":\"2020-04-28T16:35:17+00:00\",\"breadcrumb\":{\"@id\":\"https:\/\/ciranda.direito.ufmg.br\/index.php\/publicacoes\/#breadcrumb\"},\"inLanguage\":\"pt-BR\",\"potentialAction\":[{\"@type\":\"ReadAction\",\"target\":[\"https:\/\/ciranda.direito.ufmg.br\/index.php\/publicacoes\/\"]}]},{\"@type\":\"ImageObject\",\"inLanguage\":\"pt-BR\",\"@id\":\"https:\/\/ciranda.direito.ufmg.br\/index.php\/publicacoes\/#primaryimage\",\"url\":\"https:\/\/ciranda.direito.ufmg.br\/wp-content\/uploads\/2018\/08\/capa-cartilha-nos-versao-final.png\",\"contentUrl\":\"https:\/\/ciranda.direito.ufmg.br\/wp-content\/uploads\/2018\/08\/capa-cartilha-nos-versao-final.png\"},{\"@type\":\"BreadcrumbList\",\"@id\":\"https:\/\/ciranda.direito.ufmg.br\/index.php\/publicacoes\/#breadcrumb\",\"itemListElement\":[{\"@type\":\"ListItem\",\"position\":1,\"name\":\"In\u00edcio\",\"item\":\"https:\/\/ciranda.direito.ufmg.br\/\"},{\"@type\":\"ListItem\",\"position\":2,\"name\":\"Publica\u00e7\u00f5es\"}]},{\"@type\":\"WebSite\",\"@id\":\"https:\/\/ciranda.direito.ufmg.br\/#website\",\"url\":\"https:\/\/ciranda.direito.ufmg.br\/\",\"name\":\"Ciranda\",\"description\":\"Justi\u00e7a Restaurativa\",\"publisher\":{\"@id\":\"https:\/\/ciranda.direito.ufmg.br\/#organization\"},\"potentialAction\":[{\"@type\":\"SearchAction\",\"target\":{\"@type\":\"EntryPoint\",\"urlTemplate\":\"https:\/\/ciranda.direito.ufmg.br\/?s={search_term_string}\"},\"query-input\":{\"@type\":\"PropertyValueSpecification\",\"valueRequired\":true,\"valueName\":\"search_term_string\"}}],\"inLanguage\":\"pt-BR\"},{\"@type\":\"Organization\",\"@id\":\"https:\/\/ciranda.direito.ufmg.br\/#organization\",\"name\":\"Ciranda\",\"url\":\"https:\/\/ciranda.direito.ufmg.br\/\",\"logo\":{\"@type\":\"ImageObject\",\"inLanguage\":\"pt-BR\",\"@id\":\"https:\/\/ciranda.direito.ufmg.br\/#\/schema\/logo\/image\/\",\"url\":\"https:\/\/ciranda.direito.ufmg.br\/wp-content\/uploads\/2018\/08\/ciranda-logo-com-nome.png\",\"contentUrl\":\"https:\/\/ciranda.direito.ufmg.br\/wp-content\/uploads\/2018\/08\/ciranda-logo-com-nome.png\",\"width\":840,\"height\":700,\"caption\":\"Ciranda\"},\"image\":{\"@id\":\"https:\/\/ciranda.direito.ufmg.br\/#\/schema\/logo\/image\/\"},\"sameAs\":[\"https:\/\/www.facebook.com\/cirandaufmg\/\",\"https:\/\/www.instagram.com\/cirandaufmg\/\"]}]}<\/script>\n<!-- \/ Yoast SEO plugin. -->","yoast_head_json":{"title":"Publica\u00e7\u00f5es - Ciranda","robots":{"index":"index","follow":"follow","max-snippet":"max-snippet:-1","max-image-preview":"max-image-preview:large","max-video-preview":"max-video-preview:-1"},"canonical":"https:\/\/ciranda.direito.ufmg.br\/index.php\/publicacoes\/","og_locale":"pt_BR","og_type":"article","og_title":"Publica\u00e7\u00f5es - Ciranda","og_description":"Clique para Baixar: Cartilha N\u00d3S: N\u00facleos para Orienta\u00e7\u00e3o e Solu\u00e7\u00e3o de conflitos escolares Clique para Baixar: Justi\u00e7a Restaurativa na Pr\u00e1tica: NO COMPASSO DO CIRANDA Clique para Baixar: Aliena\u00e7\u00e3o Parental: A Responsabiliza\u00e7\u00e3o do ente alienador porRead More","og_url":"https:\/\/ciranda.direito.ufmg.br\/index.php\/publicacoes\/","og_site_name":"Ciranda","article_publisher":"https:\/\/www.facebook.com\/cirandaufmg\/","article_modified_time":"2020-04-28T16:35:17+00:00","og_image":[{"url":"https:\/\/ciranda.direito.ufmg.br\/wp-content\/uploads\/2018\/08\/capa-cartilha-nos-versao-final.png","type":"","width":"","height":""}],"twitter_card":"summary_large_image","schema":{"@context":"https:\/\/schema.org","@graph":[{"@type":"WebPage","@id":"https:\/\/ciranda.direito.ufmg.br\/index.php\/publicacoes\/","url":"https:\/\/ciranda.direito.ufmg.br\/index.php\/publicacoes\/","name":"Publica\u00e7\u00f5es - Ciranda","isPartOf":{"@id":"https:\/\/ciranda.direito.ufmg.br\/#website"},"primaryImageOfPage":{"@id":"https:\/\/ciranda.direito.ufmg.br\/index.php\/publicacoes\/#primaryimage"},"image":{"@id":"https:\/\/ciranda.direito.ufmg.br\/index.php\/publicacoes\/#primaryimage"},"thumbnailUrl":"https:\/\/ciranda.direito.ufmg.br\/wp-content\/uploads\/2018\/08\/capa-cartilha-nos-versao-final.png","datePublished":"2017-11-17T15:43:45+00:00","dateModified":"2020-04-28T16:35:17+00:00","breadcrumb":{"@id":"https:\/\/ciranda.direito.ufmg.br\/index.php\/publicacoes\/#breadcrumb"},"inLanguage":"pt-BR","potentialAction":[{"@type":"ReadAction","target":["https:\/\/ciranda.direito.ufmg.br\/index.php\/publicacoes\/"]}]},{"@type":"ImageObject","inLanguage":"pt-BR","@id":"https:\/\/ciranda.direito.ufmg.br\/index.php\/publicacoes\/#primaryimage","url":"https:\/\/ciranda.direito.ufmg.br\/wp-content\/uploads\/2018\/08\/capa-cartilha-nos-versao-final.png","contentUrl":"https:\/\/ciranda.direito.ufmg.br\/wp-content\/uploads\/2018\/08\/capa-cartilha-nos-versao-final.png"},{"@type":"BreadcrumbList","@id":"https:\/\/ciranda.direito.ufmg.br\/index.php\/publicacoes\/#breadcrumb","itemListElement":[{"@type":"ListItem","position":1,"name":"In\u00edcio","item":"https:\/\/ciranda.direito.ufmg.br\/"},{"@type":"ListItem","position":2,"name":"Publica\u00e7\u00f5es"}]},{"@type":"WebSite","@id":"https:\/\/ciranda.direito.ufmg.br\/#website","url":"https:\/\/ciranda.direito.ufmg.br\/","name":"Ciranda","description":"Justi\u00e7a Restaurativa","publisher":{"@id":"https:\/\/ciranda.direito.ufmg.br\/#organization"},"potentialAction":[{"@type":"SearchAction","target":{"@type":"EntryPoint","urlTemplate":"https:\/\/ciranda.direito.ufmg.br\/?s={search_term_string}"},"query-input":{"@type":"PropertyValueSpecification","valueRequired":true,"valueName":"search_term_string"}}],"inLanguage":"pt-BR"},{"@type":"Organization","@id":"https:\/\/ciranda.direito.ufmg.br\/#organization","name":"Ciranda","url":"https:\/\/ciranda.direito.ufmg.br\/","logo":{"@type":"ImageObject","inLanguage":"pt-BR","@id":"https:\/\/ciranda.direito.ufmg.br\/#\/schema\/logo\/image\/","url":"https:\/\/ciranda.direito.ufmg.br\/wp-content\/uploads\/2018\/08\/ciranda-logo-com-nome.png","contentUrl":"https:\/\/ciranda.direito.ufmg.br\/wp-content\/uploads\/2018\/08\/ciranda-logo-com-nome.png","width":840,"height":700,"caption":"Ciranda"},"image":{"@id":"https:\/\/ciranda.direito.ufmg.br\/#\/schema\/logo\/image\/"},"sameAs":["https:\/\/www.facebook.com\/cirandaufmg\/","https:\/\/www.instagram.com\/cirandaufmg\/"]}]}},"_links":{"self":[{"href":"https:\/\/ciranda.direito.ufmg.br\/index.php\/wp-json\/wp\/v2\/pages\/1518","targetHints":{"allow":["GET"]}}],"collection":[{"href":"https:\/\/ciranda.direito.ufmg.br\/index.php\/wp-json\/wp\/v2\/pages"}],"about":[{"href":"https:\/\/ciranda.direito.ufmg.br\/index.php\/wp-json\/wp\/v2\/types\/page"}],"author":[{"embeddable":true,"href":"https:\/\/ciranda.direito.ufmg.br\/index.php\/wp-json\/wp\/v2\/users\/1"}],"replies":[{"embeddable":true,"href":"https:\/\/ciranda.direito.ufmg.br\/index.php\/wp-json\/wp\/v2\/comments?post=1518"}],"version-history":[{"count":0,"href":"https:\/\/ciranda.direito.ufmg.br\/index.php\/wp-json\/wp\/v2\/pages\/1518\/revisions"}],"wp:attachment":[{"href":"https:\/\/ciranda.direito.ufmg.br\/index.php\/wp-json\/wp\/v2\/media?parent=1518"}],"curies":[{"name":"wp","href":"https:\/\/api.w.org\/{rel}","templated":true}]}}